{"version":"1.0","provider_name":"Valahia.News","provider_url":"https:\/\/valahia.news\/ro\/","title":"S\u0103rb\u0103tore\u0219te prim\u0103vara \u00een stil rom\u00e2nesc: T\u00e2rgul M\u0103r\u021bi\u0219orului 2022 - Valahia.News","type":"rich","width":600,"height":338,"html":"<blockquote class=\"wp-embedded-content\" data-secret=\"JEjoNEVLfS\"><a href=\"https:\/\/valahia.news\/ro\/sarbatoreste-primavara-in-stil-romanesc\/\">S\u0103rb\u0103tore\u0219te prim\u0103vara \u00een stil rom\u00e2nesc: T\u00e2rgul M\u0103r\u021bi\u0219orului 2022<\/a><\/blockquote><iframe sandbox=\"allow-scripts\" security=\"restricted\" src=\"https:\/\/valahia.news\/ro\/sarbatoreste-primavara-in-stil-romanesc\/embed\/#?secret=JEjoNEVLfS\" width=\"600\" height=\"338\" title=\"&#8222;S\u0103rb\u0103tore\u0219te prim\u0103vara \u00een stil rom\u00e2nesc: T\u00e2rgul M\u0103r\u021bi\u0219orului 2022&#8221; &#8211; Valahia.News\" data-secret=\"JEjoNEVLfS\" frameborder=\"0\" marginwidth=\"0\" marginheight=\"0\" scrolling=\"no\" class=\"wp-embedded-content\"><\/iframe><script type=\"text\/javascript\">\n\/* <![CDATA[ *\/\n\/*! This file is auto-generated *\/\n!function(d,l){\"use strict\";l.querySelector&&d.addEventListener&&\"undefined\"!=typeof URL&&(d.wp=d.wp||{},d.wp.receiveEmbedMessage||(d.wp.receiveEmbedMessage=function(e){var t=e.data;if((t||t.secret||t.message||t.value)&&!\/[^a-zA-Z0-9]\/.test(t.secret)){for(var s,r,n,a=l.querySelectorAll('iframe[data-secret=\"'+t.secret+'\"]'),o=l.querySelectorAll('blockquote[data-secret=\"'+t.secret+'\"]'),c=new RegExp(\"^https?:$\",\"i\"),i=0;i<o.length;i++)o[i].style.display=\"none\";for(i=0;i<a.length;i++)s=a[i],e.source===s.contentWindow&&(s.removeAttribute(\"style\"),\"height\"===t.message?(1e3<(r=parseInt(t.value,10))?r=1e3:~~r<200&&(r=200),s.height=r):\"link\"===t.message&&(r=new URL(s.getAttribute(\"src\")),n=new URL(t.value),c.test(n.protocol))&&n.host===r.host&&l.activeElement===s&&(d.top.location.href=t.value))}},d.addEventListener(\"message\",d.wp.receiveEmbedMessage,!1),l.addEventListener(\"DOMContentLoaded\",function(){for(var e,t,s=l.querySelectorAll(\"iframe.wp-embedded-content\"),r=0;r<s.length;r++)(t=(e=s[r]).getAttribute(\"data-secret\"))||(t=Math.random().toString(36).substring(2,12),e.src+=\"#?secret=\"+t,e.setAttribute(\"data-secret\",t)),e.contentWindow.postMessage({message:\"ready\",secret:t},\"*\")},!1)))}(window,document);\n\/\/# sourceURL=https:\/\/valahia.news\/wp-includes\/js\/wp-embed.min.js\n\/* ]]> *\/\n<\/script>\n","thumbnail_url":"https:\/\/valahia.news\/wp-content\/uploads\/2022\/02\/Romanian-martisor.jpg","thumbnail_width":1200,"thumbnail_height":627,"description":"Cine vrea s\u0103 s\u0103rb\u0103toreasc\u0103 prim\u0103vara \u00een stil rom\u00e2nesc? T\u00e2rgul M\u0103r\u021bi\u0219orului din Bucure\u0219ti 2022 va avea loc la Muzeul Na\u021bional al \u021a\u0103ranului Rom\u00e2n. Acesta va primi iubitorii de creativitate timp de cinci zile de art\u0103 \u0219i me\u0219te\u0219uguri, din 25 februarie p\u00e2n\u0103 pe 1 martie."}