{"version":"1.0","provider_name":"Valahia.News","provider_url":"https:\/\/valahia.news\/ro\/","title":"Premierul Rom\u00e2niei: Cancelarul austriac Nehammer este ipocrit - Valahia.News","type":"rich","width":600,"height":338,"html":"<blockquote class=\"wp-embedded-content\" data-secret=\"gHBawUp6Ij\"><a href=\"https:\/\/valahia.news\/ro\/premierul-romaniei-cancelarul-austriac-nehammer-este-ipocrit\/\">Premierul Rom\u00e2niei: Cancelarul austriac Nehammer este ipocrit<\/a><\/blockquote><iframe sandbox=\"allow-scripts\" security=\"restricted\" src=\"https:\/\/valahia.news\/ro\/premierul-romaniei-cancelarul-austriac-nehammer-este-ipocrit\/embed\/#?secret=gHBawUp6Ij\" width=\"600\" height=\"338\" title=\"&#8222;Premierul Rom\u00e2niei: Cancelarul austriac Nehammer este ipocrit&#8221; &#8211; Valahia.News\" data-secret=\"gHBawUp6Ij\" frameborder=\"0\" marginwidth=\"0\" marginheight=\"0\" scrolling=\"no\" class=\"wp-embedded-content\"><\/iframe><script type=\"text\/javascript\">\n\/* <![CDATA[ *\/\n\/*! This file is auto-generated *\/\n!function(d,l){\"use strict\";l.querySelector&&d.addEventListener&&\"undefined\"!=typeof URL&&(d.wp=d.wp||{},d.wp.receiveEmbedMessage||(d.wp.receiveEmbedMessage=function(e){var t=e.data;if((t||t.secret||t.message||t.value)&&!\/[^a-zA-Z0-9]\/.test(t.secret)){for(var s,r,n,a=l.querySelectorAll('iframe[data-secret=\"'+t.secret+'\"]'),o=l.querySelectorAll('blockquote[data-secret=\"'+t.secret+'\"]'),c=new RegExp(\"^https?:$\",\"i\"),i=0;i<o.length;i++)o[i].style.display=\"none\";for(i=0;i<a.length;i++)s=a[i],e.source===s.contentWindow&&(s.removeAttribute(\"style\"),\"height\"===t.message?(1e3<(r=parseInt(t.value,10))?r=1e3:~~r<200&&(r=200),s.height=r):\"link\"===t.message&&(r=new URL(s.getAttribute(\"src\")),n=new URL(t.value),c.test(n.protocol))&&n.host===r.host&&l.activeElement===s&&(d.top.location.href=t.value))}},d.addEventListener(\"message\",d.wp.receiveEmbedMessage,!1),l.addEventListener(\"DOMContentLoaded\",function(){for(var e,t,s=l.querySelectorAll(\"iframe.wp-embedded-content\"),r=0;r<s.length;r++)(t=(e=s[r]).getAttribute(\"data-secret\"))||(t=Math.random().toString(36).substring(2,12),e.src+=\"#?secret=\"+t,e.setAttribute(\"data-secret\",t)),e.contentWindow.postMessage({message:\"ready\",secret:t},\"*\")},!1)))}(window,document);\n\/\/# sourceURL=https:\/\/valahia.news\/wp-includes\/js\/wp-embed.min.js\n\/* ]]> *\/\n<\/script>\n","thumbnail_url":"https:\/\/valahia.news\/wp-content\/uploads\/2023\/09\/Marcel-Ciolacu-calling-Nehammer-a-hypocrite.jpg","thumbnail_width":1350,"thumbnail_height":650,"description":"Premierul Rom\u00e2niei, Marcel Ciolacu, a declarat luni sear\u0103 c\u0103, at\u00e2ta timp c\u00e2t va fi prim-ministru al Rom\u00e2niei, nu va accepta ca rom\u00e2nii s\u0103 fie \u201eumili\u021bi\u201d \u00een continuare de opozi\u021bia cancelarului Austriei Karl Nehammer ader\u0103rii Rom\u00e2niei la spa\u021biul Schengen, ad\u0103ug\u00e2nd c\u0103 pozi\u021bia acestuia din urm\u0103 este inacceptabil\u0103. De asemenea, Ciolacu a spus c\u0103 Nehammer este un ipocrit."}